{"id":296,"date":"2019-07-08T10:36:40","date_gmt":"2019-07-08T10:36:40","guid":{"rendered":"http:\/\/www.climasip.es\/?post_type=productes&#038;p=296"},"modified":"2019-11-27T09:58:49","modified_gmt":"2019-11-27T09:58:49","slug":"frio-industrial","status":"publish","type":"productes","link":"https:\/\/www.climasip.es\/es\/productos\/frio-industrial\/","title":{"rendered":"Fr\u00edo industrial"},"content":{"rendered":"\n<p>En nuestra empresa somos especialistas en el sector del Fr\u00edo Industrial desde hace casi 25 a\u00f1os. Disponemos de delegaciones por toda Catalu\u00f1a con personal Propio para el correcto mantenimiento de las instalaciones. Actualmente tenemos acuerdos comerciales con diferentes grupos de distribuci\u00f3n alimentarios, dos de ellos, los principales a nivel estatal.<\/p>\n\n\n\n<p>Disponemos de Call Center los 365 d\u00edas del a\u00f1o.<\/p>\n","protected":false},"featured_media":297,"template":"","class_list":["post-296","productes","type-productes","status-publish","has-post-thumbnail","hentry"],"yoast_head":"<!-- This site is optimized with the Yoast SEO plugin v27.5 - https:\/\/yoast.com\/product\/yoast-seo-wordpress\/ -->\n<title>Fr\u00edo industrial - CLIMASIP<\/title>\n<meta name=\"robots\" content=\"index, follow, max-snippet:-1, max-image-preview:large, max-video-preview:-1\" \/>\n<link rel=\"canonical\" href=\"https:\/\/www.climasip.es\/es\/productos\/frio-industrial\/\" \/>\n<meta property=\"og:locale\" content=\"es_ES\" \/>\n<meta property=\"og:type\" content=\"article\" \/>\n<meta property=\"og:title\" content=\"Fr\u00edo industrial - CLIMASIP\" \/>\n<meta property=\"og:description\" content=\"En nuestra empresa somos especialistas en el sector del Fr\u00edo Industrial desde hace casi 25 a\u00f1os. Disponemos de delegaciones por toda Catalu\u00f1a con personal Propio para el correcto mantenimiento de las instalaciones. Actualmente tenemos acuerdos comerciales con diferentes grupos de distribuci\u00f3n alimentarios, dos de ellos, los principales a nivel estatal. Disponemos de Call Center los ... Leer m\u00e1s\" \/>\n<meta property=\"og:url\" content=\"https:\/\/www.climasip.es\/es\/productos\/frio-industrial\/\" \/>\n<meta property=\"og:site_name\" content=\"CLIMASIP\" \/>\n<meta property=\"article:modified_time\" content=\"2019-11-27T09:58:49+00:00\" \/>\n<meta property=\"og:image\" content=\"https:\/\/www.climasip.es\/es\/wp-content\/uploads\/sites\/2\/fred-industrial.jpg\" \/>\n\t<meta property=\"og:image:width\" content=\"1000\" \/>\n\t<meta property=\"og:image:height\" content=\"631\" \/>\n\t<meta property=\"og:image:type\" content=\"image\/jpeg\" \/>\n<meta name=\"twitter:card\" content=\"summary_large_image\" \/>\n<script type=\"application\/ld+json\" class=\"yoast-schema-graph\">{\"@context\":\"https:\\\/\\\/schema.org\",\"@graph\":[{\"@type\":\"WebPage\",\"@id\":\"https:\\\/\\\/www.climasip.es\\\/es\\\/productos\\\/frio-industrial\\\/\",\"url\":\"https:\\\/\\\/www.climasip.es\\\/es\\\/productos\\\/frio-industrial\\\/\",\"name\":\"Fr\u00edo industrial - CLIMASIP\",\"isPartOf\":{\"@id\":\"https:\\\/\\\/www.climasip.es\\\/es\\\/#website\"},\"primaryImageOfPage\":{\"@id\":\"https:\\\/\\\/www.climasip.es\\\/es\\\/productos\\\/frio-industrial\\\/#primaryimage\"},\"image\":{\"@id\":\"https:\\\/\\\/www.climasip.es\\\/es\\\/productos\\\/frio-industrial\\\/#primaryimage\"},\"thumbnailUrl\":\"https:\\\/\\\/www.climasip.es\\\/es\\\/wp-content\\\/uploads\\\/sites\\\/2\\\/fred-industrial.jpg\",\"datePublished\":\"2019-07-08T10:36:40+00:00\",\"dateModified\":\"2019-11-27T09:58:49+00:00\",\"breadcrumb\":{\"@id\":\"https:\\\/\\\/www.climasip.es\\\/es\\\/productos\\\/frio-industrial\\\/#breadcrumb\"},\"inLanguage\":\"es\",\"potentialAction\":[{\"@type\":\"ReadAction\",\"target\":[\"https:\\\/\\\/www.climasip.es\\\/es\\\/productos\\\/frio-industrial\\\/\"]}]},{\"@type\":\"ImageObject\",\"inLanguage\":\"es\",\"@id\":\"https:\\\/\\\/www.climasip.es\\\/es\\\/productos\\\/frio-industrial\\\/#primaryimage\",\"url\":\"https:\\\/\\\/www.climasip.es\\\/es\\\/wp-content\\\/uploads\\\/sites\\\/2\\\/fred-industrial.jpg\",\"contentUrl\":\"https:\\\/\\\/www.climasip.es\\\/es\\\/wp-content\\\/uploads\\\/sites\\\/2\\\/fred-industrial.jpg\",\"width\":1000,\"height\":631},{\"@type\":\"BreadcrumbList\",\"@id\":\"https:\\\/\\\/www.climasip.es\\\/es\\\/productos\\\/frio-industrial\\\/#breadcrumb\",\"itemListElement\":[{\"@type\":\"ListItem\",\"position\":1,\"name\":\"Inici\",\"item\":\"https:\\\/\\\/www.climasip.es\\\/es\\\/\"},{\"@type\":\"ListItem\",\"position\":2,\"name\":\"Productos\",\"item\":\"https:\\\/\\\/www.climasip.es\\\/es\\\/productos\\\/\"},{\"@type\":\"ListItem\",\"position\":3,\"name\":\"Fr\u00edo industrial\"}]},{\"@type\":\"WebSite\",\"@id\":\"https:\\\/\\\/www.climasip.es\\\/es\\\/#website\",\"url\":\"https:\\\/\\\/www.climasip.es\\\/es\\\/\",\"name\":\"CLIMASIP\",\"description\":\"Climatitzaci\u00f3 i refrigeraci\u00f3 dom\u00e8stica, comercial i industrial.\",\"publisher\":{\"@id\":\"https:\\\/\\\/www.climasip.es\\\/es\\\/#organization\"},\"potentialAction\":[{\"@type\":\"SearchAction\",\"target\":{\"@type\":\"EntryPoint\",\"urlTemplate\":\"https:\\\/\\\/www.climasip.es\\\/es\\\/?s={search_term_string}\"},\"query-input\":{\"@type\":\"PropertyValueSpecification\",\"valueRequired\":true,\"valueName\":\"search_term_string\"}}],\"inLanguage\":\"es\"},{\"@type\":\"Organization\",\"@id\":\"https:\\\/\\\/www.climasip.es\\\/es\\\/#organization\",\"name\":\"CLIMASIP\",\"url\":\"https:\\\/\\\/www.climasip.es\\\/es\\\/\",\"logo\":{\"@type\":\"ImageObject\",\"inLanguage\":\"es\",\"@id\":\"https:\\\/\\\/www.climasip.es\\\/es\\\/#\\\/schema\\\/logo\\\/image\\\/\",\"url\":\"https:\\\/\\\/www.climasip.es\\\/es\\\/wp-content\\\/uploads\\\/sites\\\/2\\\/logo-climasip-n.jpg\",\"contentUrl\":\"https:\\\/\\\/www.climasip.es\\\/es\\\/wp-content\\\/uploads\\\/sites\\\/2\\\/logo-climasip-n.jpg\",\"width\":1000,\"height\":377,\"caption\":\"CLIMASIP\"},\"image\":{\"@id\":\"https:\\\/\\\/www.climasip.es\\\/es\\\/#\\\/schema\\\/logo\\\/image\\\/\"}}]}<\/script>\n<!-- \/ Yoast SEO plugin. -->","yoast_head_json":{"title":"Fr\u00edo industrial - CLIMASIP","robots":{"index":"index","follow":"follow","max-snippet":"max-snippet:-1","max-image-preview":"max-image-preview:large","max-video-preview":"max-video-preview:-1"},"canonical":"https:\/\/www.climasip.es\/es\/productos\/frio-industrial\/","og_locale":"es_ES","og_type":"article","og_title":"Fr\u00edo industrial - CLIMASIP","og_description":"En nuestra empresa somos especialistas en el sector del Fr\u00edo Industrial desde hace casi 25 a\u00f1os. Disponemos de delegaciones por toda Catalu\u00f1a con personal Propio para el correcto mantenimiento de las instalaciones. Actualmente tenemos acuerdos comerciales con diferentes grupos de distribuci\u00f3n alimentarios, dos de ellos, los principales a nivel estatal. Disponemos de Call Center los ... Leer m\u00e1s","og_url":"https:\/\/www.climasip.es\/es\/productos\/frio-industrial\/","og_site_name":"CLIMASIP","article_modified_time":"2019-11-27T09:58:49+00:00","og_image":[{"width":1000,"height":631,"url":"https:\/\/www.climasip.es\/es\/wp-content\/uploads\/sites\/2\/fred-industrial.jpg","type":"image\/jpeg"}],"twitter_card":"summary_large_image","schema":{"@context":"https:\/\/schema.org","@graph":[{"@type":"WebPage","@id":"https:\/\/www.climasip.es\/es\/productos\/frio-industrial\/","url":"https:\/\/www.climasip.es\/es\/productos\/frio-industrial\/","name":"Fr\u00edo industrial - CLIMASIP","isPartOf":{"@id":"https:\/\/www.climasip.es\/es\/#website"},"primaryImageOfPage":{"@id":"https:\/\/www.climasip.es\/es\/productos\/frio-industrial\/#primaryimage"},"image":{"@id":"https:\/\/www.climasip.es\/es\/productos\/frio-industrial\/#primaryimage"},"thumbnailUrl":"https:\/\/www.climasip.es\/es\/wp-content\/uploads\/sites\/2\/fred-industrial.jpg","datePublished":"2019-07-08T10:36:40+00:00","dateModified":"2019-11-27T09:58:49+00:00","breadcrumb":{"@id":"https:\/\/www.climasip.es\/es\/productos\/frio-industrial\/#breadcrumb"},"inLanguage":"es","potentialAction":[{"@type":"ReadAction","target":["https:\/\/www.climasip.es\/es\/productos\/frio-industrial\/"]}]},{"@type":"ImageObject","inLanguage":"es","@id":"https:\/\/www.climasip.es\/es\/productos\/frio-industrial\/#primaryimage","url":"https:\/\/www.climasip.es\/es\/wp-content\/uploads\/sites\/2\/fred-industrial.jpg","contentUrl":"https:\/\/www.climasip.es\/es\/wp-content\/uploads\/sites\/2\/fred-industrial.jpg","width":1000,"height":631},{"@type":"BreadcrumbList","@id":"https:\/\/www.climasip.es\/es\/productos\/frio-industrial\/#breadcrumb","itemListElement":[{"@type":"ListItem","position":1,"name":"Inici","item":"https:\/\/www.climasip.es\/es\/"},{"@type":"ListItem","position":2,"name":"Productos","item":"https:\/\/www.climasip.es\/es\/productos\/"},{"@type":"ListItem","position":3,"name":"Fr\u00edo industrial"}]},{"@type":"WebSite","@id":"https:\/\/www.climasip.es\/es\/#website","url":"https:\/\/www.climasip.es\/es\/","name":"CLIMASIP","description":"Climatitzaci\u00f3 i refrigeraci\u00f3 dom\u00e8stica, comercial i industrial.","publisher":{"@id":"https:\/\/www.climasip.es\/es\/#organization"},"potentialAction":[{"@type":"SearchAction","target":{"@type":"EntryPoint","urlTemplate":"https:\/\/www.climasip.es\/es\/?s={search_term_string}"},"query-input":{"@type":"PropertyValueSpecification","valueRequired":true,"valueName":"search_term_string"}}],"inLanguage":"es"},{"@type":"Organization","@id":"https:\/\/www.climasip.es\/es\/#organization","name":"CLIMASIP","url":"https:\/\/www.climasip.es\/es\/","logo":{"@type":"ImageObject","inLanguage":"es","@id":"https:\/\/www.climasip.es\/es\/#\/schema\/logo\/image\/","url":"https:\/\/www.climasip.es\/es\/wp-content\/uploads\/sites\/2\/logo-climasip-n.jpg","contentUrl":"https:\/\/www.climasip.es\/es\/wp-content\/uploads\/sites\/2\/logo-climasip-n.jpg","width":1000,"height":377,"caption":"CLIMASIP"},"image":{"@id":"https:\/\/www.climasip.es\/es\/#\/schema\/logo\/image\/"}}]}},"_links":{"self":[{"href":"https:\/\/www.climasip.es\/es\/wp-json\/wp\/v2\/productes\/296","targetHints":{"allow":["GET"]}}],"collection":[{"href":"https:\/\/www.climasip.es\/es\/wp-json\/wp\/v2\/productes"}],"about":[{"href":"https:\/\/www.climasip.es\/es\/wp-json\/wp\/v2\/types\/productes"}],"wp:featuredmedia":[{"embeddable":true,"href":"https:\/\/www.climasip.es\/es\/wp-json\/wp\/v2\/media\/297"}],"wp:attachment":[{"href":"https:\/\/www.climasip.es\/es\/wp-json\/wp\/v2\/media?parent=296"}],"curies":[{"name":"wp","href":"https:\/\/api.w.org\/{rel}","templated":true}]}}