{"id":17,"date":"2019-06-17T10:48:33","date_gmt":"2019-06-17T10:48:33","guid":{"rendered":"http:\/\/www.climasip.es\/?page_id=17"},"modified":"2019-12-17T12:31:15","modified_gmt":"2019-12-17T12:31:15","slug":"empresa","status":"publish","type":"page","link":"https:\/\/www.climasip.es\/es\/empresa\/","title":{"rendered":"Empresa"},"content":{"rendered":"\t\t<div data-elementor-type=\"wp-post\" data-elementor-id=\"17\" class=\"elementor elementor-17\" data-elementor-post-type=\"page\">\n\t\t\t\t\t\t<section class=\"elementor-section elementor-top-section elementor-element elementor-element-c33d166 elementor-section-full_width elementor-section-height-min-height elementor-section-height-default elementor-section-items-middle\" data-id=\"c33d166\" data-element_type=\"section\" data-e-type=\"section\" data-settings=\"{&quot;background_background&quot;:&quot;classic&quot;}\">\n\t\t\t\t\t\t<div class=\"elementor-container elementor-column-gap-default\">\n\t\t\t\t\t<div class=\"elementor-column elementor-col-100 elementor-top-column elementor-element elementor-element-d5a87a5\" data-id=\"d5a87a5\" data-element_type=\"column\" data-e-type=\"column\">\n\t\t\t<div class=\"elementor-widget-wrap elementor-element-populated\">\n\t\t\t\t\t\t<div class=\"elementor-element elementor-element-deda059 elementor-widget elementor-widget-spacer\" data-id=\"deda059\" data-element_type=\"widget\" data-e-type=\"widget\" data-widget_type=\"spacer.default\">\n\t\t\t\t<div class=\"elementor-widget-container\">\n\t\t\t\t\t\t\t<div class=\"elementor-spacer\">\n\t\t\t<div class=\"elementor-spacer-inner\"><\/div>\n\t\t<\/div>\n\t\t\t\t\t\t<\/div>\n\t\t\t\t<\/div>\n\t\t\t\t\t<\/div>\n\t\t<\/div>\n\t\t\t\t\t<\/div>\n\t\t<\/section>\n\t\t\t\t<section class=\"elementor-section elementor-top-section elementor-element elementor-element-163d4839 elementor-section-height-min-height elementor-section-boxed elementor-section-height-default elementor-section-items-middle\" data-id=\"163d4839\" data-element_type=\"section\" data-e-type=\"section\" data-settings=\"{&quot;background_background&quot;:&quot;classic&quot;}\">\n\t\t\t\t\t\t<div class=\"elementor-container elementor-column-gap-default\">\n\t\t\t\t\t<div class=\"elementor-column elementor-col-50 elementor-top-column elementor-element elementor-element-700a5cf5\" data-id=\"700a5cf5\" data-element_type=\"column\" data-e-type=\"column\">\n\t\t\t<div class=\"elementor-widget-wrap elementor-element-populated\">\n\t\t\t\t\t\t<div class=\"elementor-element elementor-element-2ae3e44d elementor-widget elementor-widget-theme-post-title elementor-page-title elementor-widget-heading\" data-id=\"2ae3e44d\" data-element_type=\"widget\" data-e-type=\"widget\" data-widget_type=\"theme-post-title.default\">\n\t\t\t\t<div class=\"elementor-widget-container\">\n\t\t\t\t\t<h1 class=\"elementor-heading-title elementor-size-default\">Empresa<\/h1>\t\t\t\t<\/div>\n\t\t\t\t<\/div>\n\t\t\t\t\t<\/div>\n\t\t<\/div>\n\t\t\t\t<div class=\"elementor-column elementor-col-50 elementor-top-column elementor-element elementor-element-42f942d4 elementor-hidden-phone\" data-id=\"42f942d4\" data-element_type=\"column\" data-e-type=\"column\">\n\t\t\t<div class=\"elementor-widget-wrap elementor-element-populated\">\n\t\t\t\t\t\t<div class=\"elementor-element elementor-element-25dd564c elementor-align-right elementor-widget elementor-widget-breadcrumbs\" data-id=\"25dd564c\" data-element_type=\"widget\" data-e-type=\"widget\" data-widget_type=\"breadcrumbs.default\">\n\t\t\t\t<div class=\"elementor-widget-container\">\n\t\t\t\t\t<p id=\"breadcrumbs\"><span><span><a href=\"https:\/\/www.climasip.es\/es\/\">Inici<\/a><\/span><\/span><\/p>\t\t\t\t<\/div>\n\t\t\t\t<\/div>\n\t\t\t\t\t<\/div>\n\t\t<\/div>\n\t\t\t\t\t<\/div>\n\t\t<\/section>\n\t\t\t\t<section class=\"elementor-section elementor-top-section elementor-element elementor-element-868e295 elementor-section-boxed elementor-section-height-default elementor-section-height-default\" data-id=\"868e295\" data-element_type=\"section\" data-e-type=\"section\">\n\t\t\t\t\t\t<div class=\"elementor-container elementor-column-gap-default\">\n\t\t\t\t\t<div class=\"elementor-column elementor-col-100 elementor-top-column elementor-element elementor-element-cf85f43\" data-id=\"cf85f43\" data-element_type=\"column\" data-e-type=\"column\">\n\t\t\t<div class=\"elementor-widget-wrap elementor-element-populated\">\n\t\t\t\t\t\t<div class=\"elementor-element elementor-element-aee34ea elementor-widget elementor-widget-text-editor\" data-id=\"aee34ea\" data-element_type=\"widget\" data-e-type=\"widget\" data-widget_type=\"text-editor.default\">\n\t\t\t\t<div class=\"elementor-widget-container\">\n\t\t\t\t\t\t\t\t\t<p>Ilerfred, S.L., con nombre comercial\u00a0CLIMASIP, es una empresa dedicada desde hace m\u00e1s de 30 a\u00f1os al dise\u00f1o, ejecuci\u00f3n y mantenimiento de instalaciones frigor\u00edficas de todo tipo.<br \/>Tenemos la sede central en Lleida y delegaciones en Barcelona, Tarragona, Girona y Navarra.<\/p><p>ILERFRED\u00a0S.L, es accionista mayoritaria en diferentes empresas del sector para poder dar cobertura en diferentes \u00e1mbitos, como lo son el mantenimiento multit\u00e9cnico integral de edificios y locales comerciales. As\u00ed tambi\u00e9n el renting de equipos de producci\u00f3n frigor\u00edfica de gran potencia hasta 1.000.000\u00a0Kcal\/h y la ejecuci\u00f3n de obras completas, llaves en mano.<\/p><p>El objetivo de la empresa es dar la m\u00e1xima satisfacci\u00f3n al cliente, mediante un dise\u00f1o adecuado, el uso de materiales de calidad, la profesionalidad en la realizaci\u00f3n de las instalaciones y un servicio de asistencia t\u00e9cnica posventa cuidadoso.<\/p><p>Disponemos de una superficie de almacenamiento total de 3.900 m\u00b2, de una flota de 48 veh\u00edculos y de un equipo humano de m\u00e1s de 60 personas.<\/p><p>Adem\u00e1s estamos certificados y acreditados con todas las clasificaciones necesarias tanto de obras como de servicios, para ser proveedor en el \u00e1mbito estatal de diferentes organismos p\u00fablicos.<\/p><p>Nuestra empresa cree firmemente en la formaci\u00f3n y recientemente hemos inaugurado en nuestra sede central una aula de formaci\u00f3n propia con capacidad para 20 personas.<\/p>\t\t\t\t\t\t\t\t<\/div>\n\t\t\t\t<\/div>\n\t\t\t\t\t<\/div>\n\t\t<\/div>\n\t\t\t\t\t<\/div>\n\t\t<\/section>\n\t\t\t\t<section class=\"elementor-section elementor-top-section elementor-element elementor-element-9ffc6d8 elementor-section-height-min-height elementor-section-boxed elementor-section-height-default elementor-section-items-middle\" data-id=\"9ffc6d8\" data-element_type=\"section\" data-e-type=\"section\" data-settings=\"{&quot;background_background&quot;:&quot;classic&quot;}\">\n\t\t\t\t\t\t<div class=\"elementor-container elementor-column-gap-default\">\n\t\t\t\t\t<div class=\"elementor-column elementor-col-50 elementor-top-column elementor-element elementor-element-043d60d\" data-id=\"043d60d\" data-element_type=\"column\" data-e-type=\"column\">\n\t\t\t<div class=\"elementor-widget-wrap elementor-element-populated\">\n\t\t\t\t\t\t<div class=\"elementor-element elementor-element-1f6aa3f elementor-widget elementor-widget-heading\" data-id=\"1f6aa3f\" data-element_type=\"widget\" data-e-type=\"widget\" data-widget_type=\"heading.default\">\n\t\t\t\t<div class=\"elementor-widget-container\">\n\t\t\t\t\t<h2 class=\"elementor-heading-title elementor-size-default\">Equipo<\/h2>\t\t\t\t<\/div>\n\t\t\t\t<\/div>\n\t\t\t\t\t<\/div>\n\t\t<\/div>\n\t\t\t\t<div class=\"elementor-column elementor-col-50 elementor-top-column elementor-element elementor-element-ab6e42e elementor-hidden-phone\" data-id=\"ab6e42e\" data-element_type=\"column\" data-e-type=\"column\">\n\t\t\t<div class=\"elementor-widget-wrap\">\n\t\t\t\t\t\t\t<\/div>\n\t\t<\/div>\n\t\t\t\t\t<\/div>\n\t\t<\/section>\n\t\t\t\t<section class=\"elementor-section elementor-top-section elementor-element elementor-element-a521ec4 elementor-section-boxed elementor-section-height-default elementor-section-height-default\" data-id=\"a521ec4\" data-element_type=\"section\" data-e-type=\"section\">\n\t\t\t\t\t\t<div class=\"elementor-container elementor-column-gap-default\">\n\t\t\t\t\t<div class=\"elementor-column elementor-col-100 elementor-top-column elementor-element elementor-element-5d44744\" data-id=\"5d44744\" data-element_type=\"column\" data-e-type=\"column\">\n\t\t\t<div class=\"elementor-widget-wrap elementor-element-populated\">\n\t\t\t\t\t\t<div class=\"elementor-element elementor-element-148ecdd elementor-widget elementor-widget-text-editor\" data-id=\"148ecdd\" data-element_type=\"widget\" data-e-type=\"widget\" data-widget_type=\"text-editor.default\">\n\t\t\t\t<div class=\"elementor-widget-container\">\n\t\t\t\t\t\t\t\t\t<p>CLIMASIP cuenta con todos los recursos humanos, materiales y tecnol\u00f3gicos necesarios para el desarrollo de su actividad.<br \/>Tenemos claro que nuestra labor est\u00e1 en el sector servicios y que para nosotros el recurso m\u00e1s valioso es el humano. Por eso que constantemente realizamos formaci\u00f3n personal individualizada y grupales, puesto que consideramos de m\u00e1xima importancia la especializaci\u00f3n de cada uno de los miembros de nuestra plantilla en las tareas que tiene que desarrollar en la empresa.<\/p><p>Hemos planificado cada uno de los servicios y productos que ofrecemos, para determinar lo que necesitaremos para dar un servicio final de calidad con el m\u00e1ximo rendimiento posible. Es decir, que mejore la producci\u00f3n, que es un objetivo constante para CLIMASIP y que es el cimiento b\u00e1sico de la competitividad.<\/p><p>Por todo esto, es que en nuestra empresa nos preocupamos para que en nuestro equipo hayan personas din\u00e1micas, responsables y motivadas para dar un mejor servicio y encontrar las mejores soluciones.<\/p>\t\t\t\t\t\t\t\t<\/div>\n\t\t\t\t<\/div>\n\t\t\t\t\t<\/div>\n\t\t<\/div>\n\t\t\t\t\t<\/div>\n\t\t<\/section>\n\t\t\t\t<\/div>\n\t\t","protected":false},"excerpt":{"rendered":"<p>Ilerfred, S.L., con nombre comercial\u00a0CLIMASIP, es una empresa dedicada desde hace m\u00e1s de 30 a\u00f1os al dise\u00f1o, ejecuci\u00f3n y mantenimiento de instalaciones frigor\u00edficas de todo tipo.Tenemos la sede central en Lleida y delegaciones en Barcelona, Tarragona, Girona y Navarra. ILERFRED\u00a0S.L, es accionista mayoritaria en diferentes empresas del sector para poder dar cobertura en diferentes \u00e1mbitos, &#8230; <a title=\"Empresa\" class=\"read-more\" href=\"https:\/\/www.climasip.es\/es\/empresa\/\" aria-label=\"Leer m\u00e1s sobre Empresa\">Leer m\u00e1s<\/a><\/p>\n","protected":false},"author":2,"featured_media":0,"parent":0,"menu_order":0,"comment_status":"closed","ping_status":"closed","template":"","meta":{"footnotes":""},"class_list":["post-17","page","type-page","status-publish"],"yoast_head":"<!-- This site is optimized with the Yoast SEO plugin v27.5 - https:\/\/yoast.com\/product\/yoast-seo-wordpress\/ -->\n<title>Empresa - CLIMASIP<\/title>\n<meta name=\"robots\" content=\"index, follow, max-snippet:-1, max-image-preview:large, max-video-preview:-1\" \/>\n<link rel=\"canonical\" href=\"https:\/\/www.climasip.es\/es\/empresa\/\" \/>\n<meta property=\"og:locale\" content=\"es_ES\" \/>\n<meta property=\"og:type\" content=\"article\" \/>\n<meta property=\"og:title\" content=\"Empresa - CLIMASIP\" \/>\n<meta property=\"og:description\" content=\"Ilerfred, S.L., con nombre comercial\u00a0CLIMASIP, es una empresa dedicada desde hace m\u00e1s de 30 a\u00f1os al dise\u00f1o, ejecuci\u00f3n y mantenimiento de instalaciones frigor\u00edficas de todo tipo.Tenemos la sede central en Lleida y delegaciones en Barcelona, Tarragona, Girona y Navarra. ILERFRED\u00a0S.L, es accionista mayoritaria en diferentes empresas del sector para poder dar cobertura en diferentes \u00e1mbitos, ... Leer m\u00e1s\" \/>\n<meta property=\"og:url\" content=\"https:\/\/www.climasip.es\/es\/empresa\/\" \/>\n<meta property=\"og:site_name\" content=\"CLIMASIP\" \/>\n<meta property=\"article:modified_time\" content=\"2019-12-17T12:31:15+00:00\" \/>\n<meta name=\"twitter:card\" content=\"summary_large_image\" \/>\n<meta name=\"twitter:label1\" content=\"Tiempo de lectura\" \/>\n\t<meta name=\"twitter:data1\" content=\"2 minutos\" \/>\n<script type=\"application\/ld+json\" class=\"yoast-schema-graph\">{\"@context\":\"https:\\\/\\\/schema.org\",\"@graph\":[{\"@type\":\"WebPage\",\"@id\":\"https:\\\/\\\/www.climasip.es\\\/es\\\/empresa\\\/\",\"url\":\"https:\\\/\\\/www.climasip.es\\\/es\\\/empresa\\\/\",\"name\":\"Empresa - CLIMASIP\",\"isPartOf\":{\"@id\":\"https:\\\/\\\/www.climasip.es\\\/es\\\/#website\"},\"datePublished\":\"2019-06-17T10:48:33+00:00\",\"dateModified\":\"2019-12-17T12:31:15+00:00\",\"breadcrumb\":{\"@id\":\"https:\\\/\\\/www.climasip.es\\\/es\\\/empresa\\\/#breadcrumb\"},\"inLanguage\":\"es\",\"potentialAction\":[{\"@type\":\"ReadAction\",\"target\":[\"https:\\\/\\\/www.climasip.es\\\/es\\\/empresa\\\/\"]}]},{\"@type\":\"BreadcrumbList\",\"@id\":\"https:\\\/\\\/www.climasip.es\\\/es\\\/empresa\\\/#breadcrumb\",\"itemListElement\":[{\"@type\":\"ListItem\",\"position\":1,\"name\":\"Inici\",\"item\":\"https:\\\/\\\/www.climasip.es\\\/es\\\/\"},{\"@type\":\"ListItem\",\"position\":2,\"name\":\"Empresa\"}]},{\"@type\":\"WebSite\",\"@id\":\"https:\\\/\\\/www.climasip.es\\\/es\\\/#website\",\"url\":\"https:\\\/\\\/www.climasip.es\\\/es\\\/\",\"name\":\"CLIMASIP\",\"description\":\"Climatitzaci\u00f3 i refrigeraci\u00f3 dom\u00e8stica, comercial i industrial.\",\"publisher\":{\"@id\":\"https:\\\/\\\/www.climasip.es\\\/es\\\/#organization\"},\"potentialAction\":[{\"@type\":\"SearchAction\",\"target\":{\"@type\":\"EntryPoint\",\"urlTemplate\":\"https:\\\/\\\/www.climasip.es\\\/es\\\/?s={search_term_string}\"},\"query-input\":{\"@type\":\"PropertyValueSpecification\",\"valueRequired\":true,\"valueName\":\"search_term_string\"}}],\"inLanguage\":\"es\"},{\"@type\":\"Organization\",\"@id\":\"https:\\\/\\\/www.climasip.es\\\/es\\\/#organization\",\"name\":\"CLIMASIP\",\"url\":\"https:\\\/\\\/www.climasip.es\\\/es\\\/\",\"logo\":{\"@type\":\"ImageObject\",\"inLanguage\":\"es\",\"@id\":\"https:\\\/\\\/www.climasip.es\\\/es\\\/#\\\/schema\\\/logo\\\/image\\\/\",\"url\":\"https:\\\/\\\/www.climasip.es\\\/es\\\/wp-content\\\/uploads\\\/sites\\\/2\\\/logo-climasip-n.jpg\",\"contentUrl\":\"https:\\\/\\\/www.climasip.es\\\/es\\\/wp-content\\\/uploads\\\/sites\\\/2\\\/logo-climasip-n.jpg\",\"width\":1000,\"height\":377,\"caption\":\"CLIMASIP\"},\"image\":{\"@id\":\"https:\\\/\\\/www.climasip.es\\\/es\\\/#\\\/schema\\\/logo\\\/image\\\/\"}}]}<\/script>\n<!-- \/ Yoast SEO plugin. -->","yoast_head_json":{"title":"Empresa - CLIMASIP","robots":{"index":"index","follow":"follow","max-snippet":"max-snippet:-1","max-image-preview":"max-image-preview:large","max-video-preview":"max-video-preview:-1"},"canonical":"https:\/\/www.climasip.es\/es\/empresa\/","og_locale":"es_ES","og_type":"article","og_title":"Empresa - CLIMASIP","og_description":"Ilerfred, S.L., con nombre comercial\u00a0CLIMASIP, es una empresa dedicada desde hace m\u00e1s de 30 a\u00f1os al dise\u00f1o, ejecuci\u00f3n y mantenimiento de instalaciones frigor\u00edficas de todo tipo.Tenemos la sede central en Lleida y delegaciones en Barcelona, Tarragona, Girona y Navarra. ILERFRED\u00a0S.L, es accionista mayoritaria en diferentes empresas del sector para poder dar cobertura en diferentes \u00e1mbitos, ... Leer m\u00e1s","og_url":"https:\/\/www.climasip.es\/es\/empresa\/","og_site_name":"CLIMASIP","article_modified_time":"2019-12-17T12:31:15+00:00","twitter_card":"summary_large_image","twitter_misc":{"Tiempo de lectura":"2 minutos"},"schema":{"@context":"https:\/\/schema.org","@graph":[{"@type":"WebPage","@id":"https:\/\/www.climasip.es\/es\/empresa\/","url":"https:\/\/www.climasip.es\/es\/empresa\/","name":"Empresa - CLIMASIP","isPartOf":{"@id":"https:\/\/www.climasip.es\/es\/#website"},"datePublished":"2019-06-17T10:48:33+00:00","dateModified":"2019-12-17T12:31:15+00:00","breadcrumb":{"@id":"https:\/\/www.climasip.es\/es\/empresa\/#breadcrumb"},"inLanguage":"es","potentialAction":[{"@type":"ReadAction","target":["https:\/\/www.climasip.es\/es\/empresa\/"]}]},{"@type":"BreadcrumbList","@id":"https:\/\/www.climasip.es\/es\/empresa\/#breadcrumb","itemListElement":[{"@type":"ListItem","position":1,"name":"Inici","item":"https:\/\/www.climasip.es\/es\/"},{"@type":"ListItem","position":2,"name":"Empresa"}]},{"@type":"WebSite","@id":"https:\/\/www.climasip.es\/es\/#website","url":"https:\/\/www.climasip.es\/es\/","name":"CLIMASIP","description":"Climatitzaci\u00f3 i refrigeraci\u00f3 dom\u00e8stica, comercial i industrial.","publisher":{"@id":"https:\/\/www.climasip.es\/es\/#organization"},"potentialAction":[{"@type":"SearchAction","target":{"@type":"EntryPoint","urlTemplate":"https:\/\/www.climasip.es\/es\/?s={search_term_string}"},"query-input":{"@type":"PropertyValueSpecification","valueRequired":true,"valueName":"search_term_string"}}],"inLanguage":"es"},{"@type":"Organization","@id":"https:\/\/www.climasip.es\/es\/#organization","name":"CLIMASIP","url":"https:\/\/www.climasip.es\/es\/","logo":{"@type":"ImageObject","inLanguage":"es","@id":"https:\/\/www.climasip.es\/es\/#\/schema\/logo\/image\/","url":"https:\/\/www.climasip.es\/es\/wp-content\/uploads\/sites\/2\/logo-climasip-n.jpg","contentUrl":"https:\/\/www.climasip.es\/es\/wp-content\/uploads\/sites\/2\/logo-climasip-n.jpg","width":1000,"height":377,"caption":"CLIMASIP"},"image":{"@id":"https:\/\/www.climasip.es\/es\/#\/schema\/logo\/image\/"}}]}},"_links":{"self":[{"href":"https:\/\/www.climasip.es\/es\/wp-json\/wp\/v2\/pages\/17","targetHints":{"allow":["GET"]}}],"collection":[{"href":"https:\/\/www.climasip.es\/es\/wp-json\/wp\/v2\/pages"}],"about":[{"href":"https:\/\/www.climasip.es\/es\/wp-json\/wp\/v2\/types\/page"}],"author":[{"embeddable":true,"href":"https:\/\/www.climasip.es\/es\/wp-json\/wp\/v2\/users\/2"}],"replies":[{"embeddable":true,"href":"https:\/\/www.climasip.es\/es\/wp-json\/wp\/v2\/comments?post=17"}],"version-history":[{"count":18,"href":"https:\/\/www.climasip.es\/es\/wp-json\/wp\/v2\/pages\/17\/revisions"}],"predecessor-version":[{"id":499,"href":"https:\/\/www.climasip.es\/es\/wp-json\/wp\/v2\/pages\/17\/revisions\/499"}],"wp:attachment":[{"href":"https:\/\/www.climasip.es\/es\/wp-json\/wp\/v2\/media?parent=17"}],"curies":[{"name":"wp","href":"https:\/\/api.w.org\/{rel}","templated":true}]}}